{"id":344,"date":"2025-07-02T08:12:52","date_gmt":"2025-07-02T08:12:52","guid":{"rendered":"https:\/\/acinolatam.com\/?page_id=344"},"modified":"2025-10-02T17:52:14","modified_gmt":"2025-10-02T17:52:14","slug":"nuestro-liderazgo","status":"publish","type":"page","link":"https:\/\/acinolatam.com\/es\/nuestro-liderazgo\/","title":{"rendered":"Nuestro Liderazgo"},"content":{"rendered":"<div id=\"list-management-0\" class=\"list-management wysiwyg acino-grid--first\" data-view=\"list-management\"><div class=\"profiles\"><div class=\"type-title\"><div class=\"shape-container\"><svg xmlns=\"http:\/\/www.w3.org\/2000\/svg\" aria-hidden=\"true\" class=\"desktop\" viewBox=\"0 0 974 810\"><ellipse cx=\"567.966\" cy=\"278.873\" rx=\"567.966\" ry=\"278.873\" transform=\"matrix(0.801593 -0.597871 0.612685 0.790328 -139 524.141)\" fill=\"#e0004d\"><\/ellipse><\/svg><svg xmlns=\"http:\/\/www.w3.org\/2000\/svg\" aria-hidden=\"true\" class=\"mobile\" viewBox=\"0 0 450 521\"><ellipse cx=\"308.282\" cy=\"151.368\" rx=\"308.282\" ry=\"151.368\" transform=\"matrix(0.611313 -0.791389 0.802628 0.59648 -85 413.942)\" fill=\"#e0004d\"><\/ellipse><\/svg><\/div><div class=\"container\"><strong class=\"title medium\">Equipo Directivo<\/strong><\/div><\/div><div class=\"container\"><div class=\"profile open\"><div><img loading=\"lazy\" decoding=\"async\" alt=\"\" src=\"https:\/\/assets.acinolatam.com\/wp-content\/uploads\/sites\/3\/2025\/09\/master_andres-1.png\" width=\"400\" height=\"400\" style=\"aspect-ratio:400\/400;\"  \/><\/div><div><div class=\"management-profile-top\"><img loading=\"lazy\" decoding=\"async\" alt=\"\" src=\"https:\/\/assets.acinolatam.com\/wp-content\/uploads\/sites\/3\/2025\/09\/master_andres-1.png\" width=\"400\" height=\"400\" style=\"aspect-ratio:400\/400;\"  \/><div><h2 class=\"title medium\">Andr\u00e9s Garc\u00eda Baquero<\/h2><p class=\"text\">Head LATAM en Acino y M8, parte de Arcera<\/p><button type=\"button\" aria-expanded=\"true\" aria-label=\"Expand\/Contract profile\"><svg width=\"26\" height=\"26\" viewBox=\"0 0 26 26\" fill=\"none\" xmlns=\"http:\/\/www.w3.org\/2000\/svg\"><path d=\"M14 0H12V26H14V0Z\" fill=\"var(--accordionOpen)\"><\/path><path d=\"M26 12H0V14H26V12Z\" fill=\"var(--accordionOpen)\"><\/path><\/svg><\/button><\/div><\/div><div class=\"management-profile-inner wysiwyg-wrapper\"><p>M\u00e1ster en Administraci\u00f3n de Empresas (MBA) en Marketing por la Universitat de Lleida<\/p>\n<p>Especializaci\u00f3n en Gesti\u00f3n de Marketing Internacional en la Universidad de Stetson<\/p>\n<ul><li><p><strong>2023-25<\/strong><span><\/span><\/p><p>Vicepresidente de Ventas para Latinoam\u00e9rica en P&amp;G Health<\/p>\n<\/li><li><p><strong>2018-23<\/strong><span><\/span><\/p><p>Director General de P&amp;G Health en M\u00e9xico<\/p>\n<\/li><li><p><strong>2017-18<\/strong><span><\/span><\/p><p>Director General para M\u00e9xico, Centroam\u00e9rica y el Caribe del Grupo Merck<\/p>\n<\/li><li><p><strong>2013-16<\/strong><span><\/span><\/p><p>Director General para Colombia, Ecuador, Venezuela, Per\u00fa, Bolivia y Chile en Merck Group<\/p>\n<\/li><li><p><strong>2008-13<\/strong><span><\/span><\/p><p>Director General de Genfar Venezuela en Sanofi<\/p>\n<\/li><\/ul><\/div><\/div><\/div><div class=\"profile\"><div><img loading=\"lazy\" decoding=\"async\" alt=\"\" src=\"https:\/\/assets.acinolatam.com\/wp-content\/uploads\/sites\/3\/2025\/09\/master_Roger.png\" width=\"400\" height=\"400\" style=\"aspect-ratio:400\/400;\"  \/><\/div><div><div class=\"management-profile-top\"><img loading=\"lazy\" decoding=\"async\" alt=\"\" src=\"https:\/\/assets.acinolatam.com\/wp-content\/uploads\/sites\/3\/2025\/09\/master_Roger.png\" width=\"400\" height=\"400\" style=\"aspect-ratio:400\/400;\"  \/><div><h2 class=\"title medium\">Rogelio Sandoval<\/h2><p class=\"text\">Director Financiero para Latinoam\u00e9rica en Acino, parte de Arcera<\/p><button type=\"button\" aria-expanded=\"false\" aria-label=\"Expand\/Contract profile\"><svg width=\"26\" height=\"26\" viewBox=\"0 0 26 26\" fill=\"none\" xmlns=\"http:\/\/www.w3.org\/2000\/svg\"><path d=\"M14 0H12V26H14V0Z\" fill=\"var(--accordionOpen)\"><\/path><path d=\"M26 12H0V14H26V12Z\" fill=\"var(--accordionOpen)\"><\/path><\/svg><\/button><\/div><\/div><div class=\"management-profile-inner wysiwyg-wrapper\"  hidden><p>Programa de Gesti\u00f3n Avanzada, Escuela de Negocios de Harvard<\/p>\n<p>Licenciatura en Contabilidad, Universidad Tecnol\u00f3gica de M\u00e9xico (UNITEC)<\/p>\n<ul><li><p><strong>2025-25<\/strong><span><\/span><\/p><p>Director financiero para Latinoam\u00e9rica en M8 Pharmaceuticals, parte de Arcera.<\/p>\n<\/li><li><p><strong>2015-15<\/strong><span><\/span><\/p><p>Director, Socio comercial financiero de Operaciones para Latinoam\u00e9rica en UCB<\/p>\n<\/li><li><p><strong>2014-15<\/strong><span><\/span><\/p><p>Director financiero para Latinoam\u00e9rica y Norteam\u00e9rica EBSS en UCB<\/p>\n<\/li><li><p><strong>2011-14<\/strong><span><\/span><\/p><p>Director financiero para Latinoam\u00e9rica en UCB<\/p>\n<\/li><li><p><strong>2006-11<\/strong><span><\/span><\/p><p>Gerente de Control LATAM en UCB<\/p>\n<\/li><li><p><strong>2004-06<\/strong><span><\/span><\/p><p>Jefe de Informaci\u00f3n Financiera en Teva Pharmaceuticals<\/p>\n<\/li><\/ul><\/div><\/div><\/div><div class=\"profile\"><div><img loading=\"lazy\" decoding=\"async\" alt=\"\" src=\"https:\/\/assets.acinolatam.com\/wp-content\/uploads\/sites\/3\/2025\/09\/master_Vanesa.png\" width=\"400\" height=\"400\" style=\"aspect-ratio:400\/400;\"  \/><\/div><div><div class=\"management-profile-top\"><img loading=\"lazy\" decoding=\"async\" alt=\"\" src=\"https:\/\/assets.acinolatam.com\/wp-content\/uploads\/sites\/3\/2025\/09\/master_Vanesa.png\" width=\"400\" height=\"400\" style=\"aspect-ratio:400\/400;\"  \/><div><h2 class=\"title medium\">Vanessa Escudero<\/h2><p class=\"text\">Directora de Recursos Humanos para Latinoam\u00e9rica en Acino, parte de Arcera<\/p><button type=\"button\" aria-expanded=\"false\" aria-label=\"Expand\/Contract profile\"><svg width=\"26\" height=\"26\" viewBox=\"0 0 26 26\" fill=\"none\" xmlns=\"http:\/\/www.w3.org\/2000\/svg\"><path d=\"M14 0H12V26H14V0Z\" fill=\"var(--accordionOpen)\"><\/path><path d=\"M26 12H0V14H26V12Z\" fill=\"var(--accordionOpen)\"><\/path><\/svg><\/button><\/div><\/div><div class=\"management-profile-inner wysiwyg-wrapper\"  hidden><p>Maestr\u00eda en Gesti\u00f3n de Recursos Humanos de la Universidad Central de Queensland, Australia.<\/p>\n<p>Diploma en Recursos Humanos por el Instituto Tecnol\u00f3gico Aut\u00f3nomo de M\u00e9xico, Ciudad de M\u00e9xico.<\/p>\n<p>Licenciatura en Administraci\u00f3n de Empresas por la Universidad Intercontinental, Ciudad de M\u00e9xico.<\/p><ul><li><p><strong>2023-25<\/strong><span><\/span><\/p><p>Directora de Recursos Humanos en M8 Pharmaceuticals, parte de Arcera<\/p>\n<\/li><li><p><strong>2018-23<\/strong><span><\/span><\/p><p>Directora de Talento, Cultura y Comunicaci\u00f3n Organizacional en El Palacio del Hierro, M\u00e9xico<\/p>\n<\/li><li><p><strong>2014-18<\/strong><span><\/span><\/p><p>Gerente de Desarrollo Organizacional y de Personal en Heineken M\u00e9xico<\/p>\n<\/li><li><p><strong>2010-13<\/strong><span><\/span><\/p><p>Gerente regional de aprendizaje y desarrollo para Am\u00e9rica Latina en RSA, Miami-FL, EE. UU.<\/p>\n<\/li><li><p><strong>2007-10<\/strong><span><\/span><\/p><p>Subdirector de Gesti\u00f3n del Talento en RSA, M\u00e9xico<\/p>\n<\/li><li><p><strong>2003-07<\/strong><span><\/span><\/p><p>Consultor en Hay Group, M\u00e9xico<\/p>\n<\/li><\/ul><\/div><\/div><\/div><div class=\"profile\"><div><img loading=\"lazy\" decoding=\"async\" alt=\"\" src=\"https:\/\/assets.acinolatam.com\/wp-content\/uploads\/sites\/3\/2025\/09\/master_Saulo.png\" width=\"400\" height=\"400\" style=\"aspect-ratio:400\/400;\"  \/><\/div><div><div class=\"management-profile-top\"><img loading=\"lazy\" decoding=\"async\" alt=\"\" src=\"https:\/\/assets.acinolatam.com\/wp-content\/uploads\/sites\/3\/2025\/09\/master_Saulo.png\" width=\"400\" height=\"400\" style=\"aspect-ratio:400\/400;\"  \/><div><h2 class=\"title medium\">Saulo Xavier<\/h2><p class=\"text\">Head Legal LATAM en Acino, parte de Arcera<\/p><button type=\"button\" aria-expanded=\"false\" aria-label=\"Expand\/Contract profile\"><svg width=\"26\" height=\"26\" viewBox=\"0 0 26 26\" fill=\"none\" xmlns=\"http:\/\/www.w3.org\/2000\/svg\"><path d=\"M14 0H12V26H14V0Z\" fill=\"var(--accordionOpen)\"><\/path><path d=\"M26 12H0V14H26V12Z\" fill=\"var(--accordionOpen)\"><\/path><\/svg><\/button><\/div><\/div><div class=\"management-profile-inner wysiwyg-wrapper\"  hidden><p>Maestr\u00eda en Derecho Laboral por la Pontif\u00edcia Universidade Cat\u00f3lica de S\u00e3o Paulo, Brasil.<\/p>\n<p>Especializaci\u00f3n en Derecho Contractual por el Centro de Derecho Americano e Internacional, Texas, EE. UU.<\/p>\n<p>Licenciatura en Derecho por la Universidade Presbiteriana Mackenzie, Brasil.<\/p>\n<ul><li><p><strong>2017-23<\/strong><span><\/span><\/p><p>Gerente jur\u00eddico y responsable de cumplimiento normativo (Brasil y M\u00e9xico) en Moksha8 Pharmaceuticals, parte de Arcera<\/p>\n<\/li><li><p><strong>2013-16<\/strong><span><\/span><\/p><p>Gerente jur\u00eddico en Kimberly-Clark, Brasil<\/p>\n<\/li><li><p><strong>2009-13<\/strong><span><\/span><\/p><p>Abogado s\u00e9nior en Kimberly-Clark, Brasil<\/p>\n<\/li><li><p><strong>2006-09<\/strong><span><\/span><\/p><p>Abogado en Kimberly-Clark, Brasil<\/p>\n<\/li><\/ul><\/div><\/div><\/div><div class=\"profile\"><div><img loading=\"lazy\" decoding=\"async\" alt=\"\" src=\"https:\/\/assets.acinolatam.com\/wp-content\/uploads\/sites\/3\/2025\/10\/master_valentina.png\" width=\"400\" height=\"400\" style=\"aspect-ratio:400\/400;\"  \/><\/div><div><div class=\"management-profile-top\"><img loading=\"lazy\" decoding=\"async\" alt=\"\" src=\"https:\/\/assets.acinolatam.com\/wp-content\/uploads\/sites\/3\/2025\/10\/master_valentina.png\" width=\"400\" height=\"400\" style=\"aspect-ratio:400\/400;\"  \/><div><h2 class=\"title medium\">Valentina Mart\u00ednez Lafe\u00e9<\/h2><p class=\"text\">Head de Integridad y Cumplimiento LATAM en Acino, parte de Arcera.<\/p><button type=\"button\" aria-expanded=\"false\" aria-label=\"Expand\/Contract profile\"><svg width=\"26\" height=\"26\" viewBox=\"0 0 26 26\" fill=\"none\" xmlns=\"http:\/\/www.w3.org\/2000\/svg\"><path d=\"M14 0H12V26H14V0Z\" fill=\"var(--accordionOpen)\"><\/path><path d=\"M26 12H0V14H26V12Z\" fill=\"var(--accordionOpen)\"><\/path><\/svg><\/button><\/div><\/div><div class=\"management-profile-inner wysiwyg-wrapper\"  hidden><p>Programa de Certificaci\u00f3n en \u00c9tica y Cumplimiento Normativo en Comply Latam, M\u00e9xico.<\/p>\n<p>Especializaci\u00f3n en Derecho Corporativo en la Universidad Metropolitana, Venezuela.<\/p>\n<p>Licenciatura en Derecho en la Universidad Cat\u00f3lica Andr\u00e9s Bello, Venezuela.<\/p>\n<ul><li><p><strong>2021-25<\/strong><span><\/span><\/p><p>Jefe de Asuntos Legales y Cumplimiento Normativo M\u00e9xico, M8Pharmaceuticals<\/p>\n<\/li><li><p><strong>2018-21<\/strong><span><\/span><\/p><p>Responsable Regional de Cumplimiento Normativo M\u00e9xico, Colombia, CAC, Stendhal, M\u00e9xico<\/p>\n<\/li><li><p><strong>2018-18<\/strong><span><\/span><\/p><p>Analista de Gesti\u00f3n Integrada del Cumplimiento Normativo, Bayer, M\u00e9xico<\/p>\n<\/li><li><p><strong>2017-18<\/strong><span><\/span><\/p><p>Socio Comercial Jur\u00eddico y de Cumplimiento Normativo, Bayer, Venezuela<\/p>\n<\/li><li><p><strong>2016-17<\/strong><span><\/span><\/p><p>Abogado Junior, Bayer, Venezuela<\/p>\n<\/li><li><p><strong>2013-14<\/strong><span><\/span><\/p><p>Asesor Jur\u00eddico, BancTrust &amp; Co., Venezuela<\/p>\n<\/li><\/ul><\/div><\/div><\/div><div class=\"profile\"><div><img loading=\"lazy\" decoding=\"async\" alt=\"\" src=\"https:\/\/assets.acinolatam.com\/wp-content\/uploads\/sites\/3\/2025\/09\/master_JoseLuis.png\" width=\"400\" height=\"400\" style=\"aspect-ratio:400\/400;\"  \/><\/div><div><div class=\"management-profile-top\"><img loading=\"lazy\" decoding=\"async\" alt=\"\" src=\"https:\/\/assets.acinolatam.com\/wp-content\/uploads\/sites\/3\/2025\/09\/master_JoseLuis.png\" width=\"400\" height=\"400\" style=\"aspect-ratio:400\/400;\"  \/><div><h2 class=\"title medium\">Jos\u00e9 Lu\u00eds Lopes<\/h2><p class=\"text\">Director General para Brasil de M8 Pharmaceuticals, parte de Arcera<\/p><button type=\"button\" aria-expanded=\"false\" aria-label=\"Expand\/Contract profile\"><svg width=\"26\" height=\"26\" viewBox=\"0 0 26 26\" fill=\"none\" xmlns=\"http:\/\/www.w3.org\/2000\/svg\"><path d=\"M14 0H12V26H14V0Z\" fill=\"var(--accordionOpen)\"><\/path><path d=\"M26 12H0V14H26V12Z\" fill=\"var(--accordionOpen)\"><\/path><\/svg><\/button><\/div><\/div><div class=\"management-profile-inner wysiwyg-wrapper\"  hidden><p>Licenciatura en Ciencias Farmac\u00e9uticas, Universidad de S\u00e3o Paulo, Brasil.<\/p>\n<p>Especializaci\u00f3n en Gesti\u00f3n Industrial, Escuela Polit\u00e9cnica de la Universidad de S\u00e3o Paulo, Brasil.<\/p>\n<p>Maestr\u00eda en Marketing, Escuela Superior de Publicidad y Marketing de S\u00e3o Paulo, Brasil.<\/p>\n<ul><li><p><strong>2015-24<\/strong><span><\/span><\/p><p>Director General de Brasil en M8 Pharmaceuticals<\/p>\n<\/li><li><p><strong>2013-15<\/strong><span><\/span><\/p><p>Responsable de Operaciones Comerciales, UCB, Brasil<\/p>\n<\/li><li><p><strong>2011-13<\/strong><span><\/span><\/p><p>Director general regional para Brasil y el Cono Sur, Mallinckrodt <\/p>\n<\/li><li><p><strong>2008-10<\/strong><span><\/span><\/p><p>Jefe de Operaciones T\u00e9cnicas,  Sandoz, Brasil<\/p>\n<\/li><li><p><strong>2005-08<\/strong><span><\/span><\/p><p>Jefe de Marketing de Especialidades, Sandoz, Brasil<\/p>\n<\/li><li><p><strong>2003-05<\/strong><span><\/span><\/p><p>Jefe de Ventas Institucionales, Novartis, Brasil<\/p>\n<\/li><li><p><strong>2000-02<\/strong><span><\/span><\/p><p>Director regional de oncolog\u00eda para Latinoam\u00e9rica, Novartis, Brasil<\/p>\n<\/li><\/ul><\/div><\/div><\/div><div class=\"profile\"><div><img loading=\"lazy\" decoding=\"async\" alt=\"\" src=\"https:\/\/assets.acinolatam.com\/wp-content\/uploads\/sites\/3\/2025\/09\/master_Richard.png\" width=\"400\" height=\"400\" style=\"aspect-ratio:400\/400;\"  \/><\/div><div><div class=\"management-profile-top\"><img loading=\"lazy\" decoding=\"async\" alt=\"\" src=\"https:\/\/assets.acinolatam.com\/wp-content\/uploads\/sites\/3\/2025\/09\/master_Richard.png\" width=\"400\" height=\"400\" style=\"aspect-ratio:400\/400;\"  \/><div><h2 class=\"title medium\">Richard Bueno<\/h2><p class=\"text\">Director General CANDEAN en Acino, parte de Arcera<\/p><button type=\"button\" aria-expanded=\"false\" aria-label=\"Expand\/Contract profile\"><svg width=\"26\" height=\"26\" viewBox=\"0 0 26 26\" fill=\"none\" xmlns=\"http:\/\/www.w3.org\/2000\/svg\"><path d=\"M14 0H12V26H14V0Z\" fill=\"var(--accordionOpen)\"><\/path><path d=\"M26 12H0V14H26V12Z\" fill=\"var(--accordionOpen)\"><\/path><\/svg><\/button><\/div><\/div><div class=\"management-profile-inner wysiwyg-wrapper\"  hidden><p>Licenciado en Ingenier\u00eda Inform\u00e1tica por la Universidad Alejandro Humboldt, Venezuela.<\/p>\n<p>Diplomado en Marketing por el Tecnol\u00f3gico de Monterrey, M\u00e9xico.<\/p>\n<ul><li><p><strong>2023-23<\/strong><span><\/span><\/p><p>Director de Desarrollo Empresarial y Estrategia de Cartera CANDEAN, Acino, Panam\u00e1<\/p>\n<\/li><li><p><strong>2020-23<\/strong><span><\/span><\/p><p>Director comercial y de alianzas para Latinoam\u00e9rica, Acino, Panam\u00e1<\/p>\n<\/li><li><p><strong>2017-19<\/strong><span><\/span><\/p><p>Gerente de Marketing para Latinoam\u00e9rica y Director Comercial para el Caribe, Acino, Panam\u00e1<\/p>\n<\/li><li><p><strong>2016-17<\/strong><span><\/span><\/p><p>Gerente de Producto y Gerente de Marketing Comercial para Latinoam\u00e9rica, Acino, Panam\u00e1<\/p>\n<\/li><li><p><strong>2014-16<\/strong><span><\/span><\/p><p>Gerente de Marketing de Grupo OTC, Sanofi, Venezuela<\/p>\n<\/li><li><p><strong>2011-14<\/strong><span><\/span><\/p><p>Gerente de Marketing Comercial, Sanofi, Venezuela<\/p>\n<\/li><li><p><strong>2006-11<\/strong><span><\/span><\/p><p>Varios puestos internos, Unilever, Venezuela<\/p>\n<\/li><\/ul><\/div><\/div><\/div><div class=\"profile\"><div><img loading=\"lazy\" decoding=\"async\" alt=\"\" src=\"https:\/\/assets.acinolatam.com\/wp-content\/uploads\/sites\/3\/2025\/09\/master_tales.png\" width=\"400\" height=\"400\" style=\"aspect-ratio:400\/400;\"  \/><\/div><div><div class=\"management-profile-top\"><img loading=\"lazy\" decoding=\"async\" alt=\"\" src=\"https:\/\/assets.acinolatam.com\/wp-content\/uploads\/sites\/3\/2025\/09\/master_tales.png\" width=\"400\" height=\"400\" style=\"aspect-ratio:400\/400;\"  \/><div><h2 class=\"title medium\">Tales Rabelo<\/h2><p class=\"text\">Head de Calidad LATAM en Acino, parte de Arcera<\/p><button type=\"button\" aria-expanded=\"false\" aria-label=\"Expand\/Contract profile\"><svg width=\"26\" height=\"26\" viewBox=\"0 0 26 26\" fill=\"none\" xmlns=\"http:\/\/www.w3.org\/2000\/svg\"><path d=\"M14 0H12V26H14V0Z\" fill=\"var(--accordionOpen)\"><\/path><path d=\"M26 12H0V14H26V12Z\" fill=\"var(--accordionOpen)\"><\/path><\/svg><\/button><\/div><\/div><div class=\"management-profile-inner wysiwyg-wrapper\"  hidden><p>Certificado como Profesional en Gesti\u00f3n de Proyectos (PMP\u00ae) por el PMI, licencia v\u00e1lida n.\u00ba 1747354.<\/p>\n<p>Especializaci\u00f3n en Calidad y Productividad en la Escola Polit\u00e9cnica da USP, Brasil.<\/p>\n<p>MBA Ejecutivo en la Funda\u00e7\u00e3o Getulio Vargas, Brasil.<\/p>\n<p>M\u00e1ster en Propiedad Intelectual, Funda\u00e7\u00e3o Armando Alvares Penteado, Brasil.<\/p>\n<p>Licenciatura en Farmacia Industrial, Faculdades Oswaldo Cruz, Brasil.<\/p>\n<ul><li><p><strong>2019-24<\/strong><span><\/span><\/p><p>Jefe de Asuntos Regulatorios, Sistema de Calidad y Farmacovigilancia Brasil, M8 Pharmaceuticals<\/p>\n<\/li><li><p><strong>2016-19<\/strong><span><\/span><\/p><p>Gerente s\u00e9nior de Asuntos Regulatorios Brasil, M8 Pharmaceuticals<\/p>\n<\/li><li><p><strong>2013-16<\/strong><span><\/span><\/p><p>Gerente de proyectos &#8211; Responsable de desarrollo empresarial y licencias, UCB, Brasil<\/p>\n<\/li><li><p><strong>2012-13<\/strong><span><\/span><\/p><p>Coordinador de Asuntos Regulatorios, Takeda, Brasil<\/p>\n<\/li><li><p><strong>2010-12<\/strong><span><\/span><\/p><p>PMO &#8211; Coordinador de proyectos en desarrollo, Takeda, Brasil<\/p>\n<\/li><li><p><strong>2009-10<\/strong><span><\/span><\/p><p>Coordinador de Patentes Farmac\u00e9uticas, EMS, Brasil<\/p>\n<\/li><li><p><strong>2008-09<\/strong><span><\/span><\/p><p>Consultor de patentes, Veirano Advogados, Brasil<\/p>\n<\/li><\/ul><\/div><\/div><\/div><div class=\"profile\"><div><img loading=\"lazy\" decoding=\"async\" alt=\"\" src=\"https:\/\/assets.acinolatam.com\/wp-content\/uploads\/sites\/3\/2025\/09\/master_alejandro-1.png\" width=\"400\" height=\"400\" style=\"aspect-ratio:400\/400;\"  \/><\/div><div><div class=\"management-profile-top\"><img loading=\"lazy\" decoding=\"async\" alt=\"\" src=\"https:\/\/assets.acinolatam.com\/wp-content\/uploads\/sites\/3\/2025\/09\/master_alejandro-1.png\" width=\"400\" height=\"400\" style=\"aspect-ratio:400\/400;\"  \/><div><h2 class=\"title medium\">Alejandro Barrera<\/h2><p class=\"text\">Head de Suministro LATAM en Acino, parte de Arcera<\/p><button type=\"button\" aria-expanded=\"false\" aria-label=\"Expand\/Contract profile\"><svg width=\"26\" height=\"26\" viewBox=\"0 0 26 26\" fill=\"none\" xmlns=\"http:\/\/www.w3.org\/2000\/svg\"><path d=\"M14 0H12V26H14V0Z\" fill=\"var(--accordionOpen)\"><\/path><path d=\"M26 12H0V14H26V12Z\" fill=\"var(--accordionOpen)\"><\/path><\/svg><\/button><\/div><\/div><div class=\"management-profile-inner wysiwyg-wrapper\"  hidden><p>Planificaci\u00f3n y Gesti\u00f3n de Inventarios en APICS, EE. UU.<\/p>\n<p>Profesional en Cadena de Suministro en APICS, EE. UU.<\/p>\n<p>Maestr\u00eda en Ingenier\u00eda Econ\u00f3mica y Financiera, Universidad La Salle, M\u00e9xico.<\/p>\n<p>Licenciatura en Contabilidad P\u00fablica, Universidad Tecnol\u00f3gica de M\u00e9xico.<\/p>\n<ul><li><p><strong>2023-24<\/strong><span><\/span><\/p><p>Jefe de Cadena de Suministro, M8 Pharmaceuticals<\/p>\n<\/li><li><p><strong>2019-23<\/strong><span><\/span><\/p><p>Jefe de Cadena de Suministro, UCB, EE. UU.<\/p>\n<\/li><li><p><strong>2017-19<\/strong><span><\/span><\/p><p>Jefe de Distribuci\u00f3n y Cumplimiento Comercial, UCB, EE. UU.<\/p>\n<\/li><li><p><strong>2015-17<\/strong><span><\/span><\/p><p>Gerente s\u00e9nior, Distribuci\u00f3n y Soporte Operativo, UCB, EE. UU.<\/p>\n<\/li><li><p><strong>2012-14<\/strong><span><\/span><\/p><p>Gerente de Cadena de Suministro, UCB, EE. UU.<\/p>\n<\/li><li><p><strong>2008-12<\/strong><span><\/span><\/p><p>Gerente de Cadena de Suministro, UCB, M\u00e9xico<\/p>\n<\/li><li><p><strong>2006-08<\/strong><span><\/span><\/p><p>Controlador comercial, UCB, M\u00e9xico<\/p>\n<\/li><\/ul><\/div><\/div><\/div><\/div><\/div><\/div>","protected":false},"excerpt":{"rendered":"","protected":false},"author":3,"featured_media":0,"parent":0,"menu_order":0,"comment_status":"closed","ping_status":"closed","template":"","meta":{"_acf_changed":false,"footnotes":""},"class_list":["post-344","page","type-page","status-publish","hentry"],"acf":[],"_links":{"self":[{"href":"https:\/\/acinolatam.com\/es\/wp-json\/wp\/v2\/pages\/344","targetHints":{"allow":["GET"]}}],"collection":[{"href":"https:\/\/acinolatam.com\/es\/wp-json\/wp\/v2\/pages"}],"about":[{"href":"https:\/\/acinolatam.com\/es\/wp-json\/wp\/v2\/types\/page"}],"author":[{"embeddable":true,"href":"https:\/\/acinolatam.com\/es\/wp-json\/wp\/v2\/users\/3"}],"replies":[{"embeddable":true,"href":"https:\/\/acinolatam.com\/es\/wp-json\/wp\/v2\/comments?post=344"}],"version-history":[{"count":3,"href":"https:\/\/acinolatam.com\/es\/wp-json\/wp\/v2\/pages\/344\/revisions"}],"predecessor-version":[{"id":1263,"href":"https:\/\/acinolatam.com\/es\/wp-json\/wp\/v2\/pages\/344\/revisions\/1263"}],"wp:attachment":[{"href":"https:\/\/acinolatam.com\/es\/wp-json\/wp\/v2\/media?parent=344"}],"curies":[{"name":"wp","href":"https:\/\/api.w.org\/{rel}","templated":true}]}}